{"id":3392,"date":"2022-06-07T23:17:36","date_gmt":"2022-06-07T21:17:36","guid":{"rendered":"http:\/\/szjo.uw.edu.pl\/rada-programowa-dyrekcja-kierownicy-zespolow-jezykowych\/"},"modified":"2026-01-19T13:30:14","modified_gmt":"2026-01-19T13:30:14","slug":"rada-programowa-dyrekcja-kierownicy-zespolow-jezykowych","status":"publish","type":"page","link":"https:\/\/szjo.uw.edu.pl\/?page_id=3392","title":{"rendered":"Rada, Dyrekcja, Kierownicy zespo\u0142\u00f3w j\u0119zykowych"},"content":{"rendered":"<p><\/p>\n<h3 style=\"text-align: center;\">Rada Centrum Nauczania J\u0119zyk\u00f3w Obcych<\/h3>\n<p><a href=\"https:\/\/monitor.uw.edu.pl\/Lists\/Uchway\/Attachments\/7665\/M.2026.16.Zarz.4.pdf\" target=\"_blank\" rel=\"noopener\"><span style=\"font-weight: 400;\">ZARZ\u0104DZENIE NR 4 REKTORA UNIWERSYTETU WARSZAWSKIEGO z dnia 19 stycznia 2026 r. w sprawie powo\u0142ania cz\u0142onk\u00f3w Rady Centrum Nauczania J\u0119zyk\u00f3w Obcych w kadencji 2025-2029<\/span><\/a><\/p>\n<p>&nbsp;<\/p>\n<h3 style=\"text-align: center;\">Dyrekcja<\/h3>\n<p><img loading=\"lazy\" decoding=\"async\" class=\"wp-image-3322 alignleft\" src=\"https:\/\/szjo.uw.edu.pl\/wp-content\/uploads\/2022\/02\/AD_2022.jpg\" alt=\"\" width=\"90\" height=\"120\" srcset=\"https:\/\/szjo.uw.edu.pl\/wp-content\/uploads\/2022\/02\/AD_2022.jpg 1194w, https:\/\/szjo.uw.edu.pl\/wp-content\/uploads\/2022\/02\/AD_2022-225x300.jpg 225w, https:\/\/szjo.uw.edu.pl\/wp-content\/uploads\/2022\/02\/AD_2022-767x1024.jpg 767w, https:\/\/szjo.uw.edu.pl\/wp-content\/uploads\/2022\/02\/AD_2022-768x1025.jpg 768w, https:\/\/szjo.uw.edu.pl\/wp-content\/uploads\/2022\/02\/AD_2022-1151x1536.jpg 1151w\" sizes=\"auto, (max-width: 90px) 100vw, 90px\" \/><\/p>\n<p style=\"text-align: left;\"><strong>DYREKTOR<\/strong><\/p>\n<p style=\"text-align: left;\"><strong>dr Andrzej D\u0105browski,<\/strong>\u00a0<a href=\"mailto:andrzej.dabrowski@uw.edu.pl\">andrzej.dabrowski@uw.edu.pl<\/a><\/p>\n<p>Absolwent Wydzia\u0142u Neofilologii UAM (lingwistyka stosowana), doktorat na Wydziale Lingwistyki Stosowanej UW. Od kilkunastu lat zajmuje si\u0119 nauczaniem Legal English, prowadz\u0105c zaj\u0119cia ze studentami WPiA UW, jak i praktykuj\u0105cymi prawnikami. Jest autorem publikacji zwi\u0105zanych z nauczaniem j\u0119zyk\u00f3w specjalistycznych, nale\u017cy do EULETA (The European Legal English Teachers\u2019 Association). Jest cz\u0142onkiem Rady Programowej CKNJOiEE UW oraz Rady Koordynacyjnej ds. Nauczania J\u0119zyk\u00f3w Obcych i Certyfikacji Bieg\u0142o\u015bci J\u0119zykowej UW.<\/p>\n<p>&nbsp;<\/p>\n<p style=\"text-align: left;\"><img loading=\"lazy\" decoding=\"async\" class=\"wp-image-1606 alignleft\" src=\"https:\/\/szjo.uw.edu.pl\/wp-content\/uploads\/2018\/04\/Obraz-119-1.jpg\" alt=\"\" width=\"102\" height=\"122\" srcset=\"https:\/\/szjo.uw.edu.pl\/wp-content\/uploads\/2018\/04\/Obraz-119-1.jpg 727w, https:\/\/szjo.uw.edu.pl\/wp-content\/uploads\/2018\/04\/Obraz-119-1-250x300.jpg 250w\" sizes=\"auto, (max-width: 102px) 100vw, 102px\" \/><strong>ZAST\u0118PCA DS. DYDAKTYCZNYCH<\/strong><\/p>\n<p style=\"text-align: left;\"><strong>dr Anna Cegie\u0142ka,<\/strong>\u00a0<a href=\"mailto:a.cegielka@uw.edu.pl\">a.cegielka@uw.edu.pl<\/a><\/p>\n<p>Absolwentka Wydzia\u0142u Neofilologii, Instytut Anglistyki Uniwersytetu Warszawskiego oraz Wydzia\u0142u Polonistyki Uniwersytetu Warszawskiego. Doktor nauk humanistycznych, adiunkt w Centrum Nauczania J\u0119zyk\u00f3w Obcych UW, nauczyciel akademicki j\u0119zyka angielskiego od 1999 r., od 2008 r. na Uniwersytecie Warszawskim. Od 2017 r. zast\u0119pca Dyrektora ds. dydaktycznych w CNJO UW, przewodnicz\u0105ca Zespo\u0142u ds. Zapewniania Jako\u015bci Kszta\u0142cenia CNJO, cz\u0142onkini Rady Programowej CNJO, Rady Koordynacyjnej ds. Nauczania J\u0119zyk\u00f3w Obcych i Certyfikacji Bieg\u0142o\u015bci J\u0119zykowej UW.<\/p>\n<p>&nbsp;<\/p>\n<p><img loading=\"lazy\" decoding=\"async\" class=\"wp-image-2458 alignleft\" src=\"https:\/\/szjo.uw.edu.pl\/wp-content\/uploads\/2018\/12\/IMG-20180901-WA0018.jpg\" alt=\"\" width=\"104\" height=\"120\" srcset=\"https:\/\/szjo.uw.edu.pl\/wp-content\/uploads\/2018\/12\/IMG-20180901-WA0018.jpg 899w, https:\/\/szjo.uw.edu.pl\/wp-content\/uploads\/2018\/12\/IMG-20180901-WA0018-261x300.jpg 261w, https:\/\/szjo.uw.edu.pl\/wp-content\/uploads\/2018\/12\/IMG-20180901-WA0018-890x1024.jpg 890w, https:\/\/szjo.uw.edu.pl\/wp-content\/uploads\/2018\/12\/IMG-20180901-WA0018-768x883.jpg 768w\" sizes=\"auto, (max-width: 104px) 100vw, 104px\" \/><\/p>\n<p><strong>ZAST\u0118PCA DS. FINANSOWYCH<\/strong><\/p>\n<p><strong>mgr Magdalena Biesiadecka,\u00a0<\/strong><a href=\"mailto:mtbiesia@uw.edu.pl\">mtbiesia@uw.edu.pl<\/a><\/p>\n<p>Absolwentka studi\u00f3w magisterskich na kierunku filologia germa\u0144ska na Uniwersytecie Warszawskim, starszy asystent w Centrum Nauczania J\u0119zyk\u00f3w Obcych UW. Od 2017 r. zast\u0119pczyni dyrektora CNJO ds.finansowych, przewodnicz\u0105ca Zespo\u0142u ds. dofinansowywania wyjazd\u00f3w pracownik\u00f3w w celach szkoleniowych, cz\u0142onkini Rady Programowej CNJO. Specjalizuje si\u0119 w prowadzeniu kurs\u00f3w j\u0119z.niemieckiego w systemie blended learning. Za szczeg\u00f3lne zas\u0142ugi dla o\u015bwiaty i wychowania zosta\u0142a nagrodzona Medalem Komisji Narodowej.<\/p>\n<p>&nbsp;<\/p>\n<h3 style=\"text-align: center;\">Kierownicy zespo\u0142\u00f3w j\u0119zykowych<\/h3>\n<p><img loading=\"lazy\" decoding=\"async\" class=\"wp-image-3268 alignleft\" src=\"https:\/\/szjo.uw.edu.pl\/wp-content\/uploads\/2021\/10\/Mickiewicz_profilowe_MiLLAT-e1684091390780.jpg\" alt=\"\" width=\"116\" height=\"118\" \/><\/p>\n<p style=\"text-align: left;\"><b>KIEROWNIK ZESPO\u0141U J. ANGIELSKIEGO<\/b><\/p>\n<p style=\"text-align: left;\"><strong>mgr Anna \u0141\u0119towska-Mickiewicz,\u00a0<\/strong><a href=\"mailto:mickiewicz.a@uw.edu.pl\"><span style=\"font-weight: 400;\">mickiewicz.a@uw.edu.pl<\/span><\/a><\/p>\n<p>Absolwentka Uniwersytetu Warszawskiego (studia magisterskie w Instytucie Anglistyki); stypendystka Fulbrighta (Fulbright Summer Institute, Western Michigan University, USA); certyfikowany Metodyk Zdalnego Nauczania (Komisja Certyfikacyjna Stowarzyszenia E-learningu Akademickiego SEA). Nauczyciel akademicki; autorka i wsp\u00f3\u0142autorka kurs\u00f3w w formule mieszanej na r\u00f3\u017cnych poziomach zaawansowania, dla student\u00f3w, doktorant\u00f3w i pracownik\u00f3w naukowych UW. Wsp\u00f3\u0142autorka i nauczyciel w programie Foundation Year; wsp\u00f3\u0142autorka i koordynator Centralnego Egzaminu J\u0119zykowego. Kierownik Zespo\u0142u J\u0119zyka Angielskiego w CNJO od listopada 2021 roku; cz\u0142onek Zespo\u0142u ds. Zapewniania Jako\u015bci Kszta\u0142cenia w CNJO.<\/p>\n<p>&nbsp;<\/p>\n<p><img loading=\"lazy\" decoding=\"async\" class=\"wp-image-5444 size-thumbnail alignleft\" src=\"https:\/\/szjo.uw.edu.pl\/wp-content\/uploads\/2025\/11\/facet-150x150.png\" alt=\"\" width=\"150\" height=\"150\" \/><\/p>\n<p style=\"text-align: left;\"><b>KIEROWNIK ZESPO\u0141U J. NIEMIECKIEGO I J\u0118ZYK\u00d3W SKANDYNAWSKICH<\/b><\/p>\n<p><strong>mgr Marcin Stachurski,\u00a0<a href=\"mailto:m.stachurski@uw.edu.pl\" target=\"_blank\" rel=\"noopener\">m.stachurski@uw.edu.pl<\/a><\/strong><\/p>\n<p>Absolwent germanistyki Uniwersytetu Warszawskiego oraz m.in. studi\u00f3w podyplomowych UW w zakresie t\u0142umacze\u0144. Wielokrotny stypendysta programu Erasmus, uczestnik licznych szkole\u0144, konferencji i program\u00f3w stypendialnych w Polsce i Niemczech.<\/p>\n<p>Wyk\u0142adowca akademicki, certyfikowany egzaminator maturalny i telc, a tak\u017ce t\u0142umacz. Autor program\u00f3w edukacyjnych, kurs\u00f3w i egzamin\u00f3w j\u0119zykowych zatwierdzonych przez Rad\u0119 Naukow\u0105 UW. Specjalizuje si\u0119 w nauczaniu j\u0119zyka niemieckiego og\u00f3lnego i specjalistycznego \u2013 prawniczego, biznesowego i technicznego.<\/p>\n<p>Poza dzia\u0142alno\u015bci\u0105 dydaktyczn\u0105 zajmuje si\u0119 t\u0142umaczeniami specjalistycznymi i redakcj\u0105 merytoryczn\u0105 tekst\u00f3w j\u0119zykowych. Interesuje si\u0119 nowymi technologiami, sztuczn\u0105 inteligencj\u0105 i neurodydaktyk\u0105, kt\u00f3re inspiruj\u0105 go do poszukiwania nowoczesnych metod nauczania j\u0119zyk\u00f3w obcych<\/p>\n<p>&nbsp;<\/p>\n<p style=\"text-align: left;\"><b>KIEROWNIK ZESPO\u0141U J\u0118ZYK\u00d3W ROMA\u0143SKICH<img loading=\"lazy\" decoding=\"async\" class=\"wp-image-4516 alignleft\" src=\"https:\/\/szjo.uw.edu.pl\/wp-content\/uploads\/2023\/05\/RRK_8338_pp-1-scaled.jpg\" alt=\"\" width=\"86\" height=\"129\" srcset=\"https:\/\/szjo.uw.edu.pl\/wp-content\/uploads\/2023\/05\/RRK_8338_pp-1-scaled.jpg 1706w, https:\/\/szjo.uw.edu.pl\/wp-content\/uploads\/2023\/05\/RRK_8338_pp-1-200x300.jpg 200w, https:\/\/szjo.uw.edu.pl\/wp-content\/uploads\/2023\/05\/RRK_8338_pp-1-683x1024.jpg 683w, https:\/\/szjo.uw.edu.pl\/wp-content\/uploads\/2023\/05\/RRK_8338_pp-1-768x1152.jpg 768w, https:\/\/szjo.uw.edu.pl\/wp-content\/uploads\/2023\/05\/RRK_8338_pp-1-1024x1536.jpg 1024w, https:\/\/szjo.uw.edu.pl\/wp-content\/uploads\/2023\/05\/RRK_8338_pp-1-1365x2048.jpg 1365w\" sizes=\"auto, (max-width: 86px) 100vw, 86px\" \/><\/b><\/p>\n<p><span style=\"font-weight: 400;\"><strong>mgr Arkadiusz Misiak,<\/strong>\u00a0<\/span><a href=\"mailto:amisiak@uw.edu.pl\"><span style=\"font-weight: 400;\">amisiak@uw.edu.pl<\/span><\/a><\/p>\n<p>Absolwent studi\u00f3w magisterskich na kierunku filologia roma\u0144ska na Uniwersytecie Warszawskim i studi\u00f3w doktoranckich w dziedzinie nauk o zarz\u0105dzaniu w Akademii Leona Ko\u017ami\u0144skiego, nauczyciel akademicki, autor kurs\u00f3w p\u00f3\u0142internetowych z j\u0119zyka francuskiego, wsp\u00f3\u0142autor egzamin\u00f3w certyfikacyjnych, wyk\u0142adowca Uniwersytetu Otwartego Uniwersytetu Warszawskiego, kierownik Zespo\u0142u J\u0119zyk\u00f3w Roma\u0144skich w Centrum Nauczania J\u0119zyk\u00f3w Obcych UW, cz\u0142onek Zespo\u0142u ds. Zapewnienia Jako\u015bci Kszta\u0142cenia oraz Rady CNJO, koordynator Uniwersyteckiego Systemu Nauczania J\u0119zyk\u00f3w Obcych UW.<\/p>\n<p>&nbsp;<\/p>\n<p><img loading=\"lazy\" decoding=\"async\" class=\"wp-image-2648 alignleft\" src=\"https:\/\/szjo.uw.edu.pl\/wp-content\/uploads\/2019\/10\/MagdaZW-e1570735227620.jpg\" alt=\"\" width=\"90\" height=\"120\" \/><\/p>\n<p style=\"text-align: left;\"><b>KOORDYNATOR ZESPO\u0141U J. ROSYJSKIEGO<\/b><\/p>\n<p style=\"text-align: left;\"><span style=\"font-weight: 400;\"><strong>mgr Magdalena Zi\u00f3\u0142ek-Wojnar,<\/strong>\u00a0<\/span><a href=\"mailto:magdalena.ziolek@uw.edu.pl\"><span style=\"font-weight: 400;\">magdalena.ziolek@uw.edu.pl<\/span><\/a><\/p>\n<p>Rusycystka z 20-letnim sta\u017cem nauczania, absolwentka UW, starszy asystent w Centrum Nauczania J\u0119zyk\u00f3w Obcych UW (obecnie pe\u0142ni funkcj\u0119 Koordynatora Zespo\u0142u J\u0119zyka Rosyjskiego). Autorka egzamin\u00f3w certyfikacyjnych, koordynatorka mi\u0119dzynarodowego projektu FAB w ramach Erasmus+. Uczestniczka wielu szkole\u0144, konferencji i program\u00f3w stypendialnych w Polsce, Rosji i UE. Nauczycielka-praktyczka ch\u0119tnie dziel\u0105ca si\u0119 do\u015bwiadczeniem poprzez publikowanie artyku\u0142\u00f3w oraz prowadzenie szkole\u0144. Pomys\u0142odawczyni i organizatorka Letniej Akademii Nauczyciela J\u0119zyka Rosyjskiego oraz podcastu \u201eKuchnia Metodyczna\u201d.<\/p>\n<p>&nbsp;<\/p>","protected":false},"excerpt":{"rendered":"<p>Rada Centrum Nauczania J\u0119zyk\u00f3w Obcych ZARZ\u0104DZENIE NR 4 REKTORA UNIWERSYTETU WARSZAWSKIEGO z dnia 19 stycznia 2026 r. w sprawie powo\u0142ania cz\u0142onk\u00f3w Rady Centrum Nauczania J\u0119zyk\u00f3w Obcych w kadencji 2025-2029 &nbsp; Dyrekcja DYREKTOR dr Andrzej D\u0105browski,\u00a0andrzej.dabrowski@uw.edu.pl Absolwent Wydzia\u0142u Neofilologii UAM (lingwistyka stosowana), doktorat na Wydziale Lingwistyki Stosowanej UW. Od kilkunastu lat zajmuje si\u0119 nauczaniem Legal English, [&hellip;]<\/p>\n","protected":false},"author":1,"featured_media":0,"parent":0,"menu_order":0,"comment_status":"closed","ping_status":"closed","template":"","meta":{"footnotes":""},"class_list":["post-3392","page","type-page","status-publish","hentry","post"],"_links":{"self":[{"href":"https:\/\/szjo.uw.edu.pl\/index.php?rest_route=\/wp\/v2\/pages\/3392","targetHints":{"allow":["GET"]}}],"collection":[{"href":"https:\/\/szjo.uw.edu.pl\/index.php?rest_route=\/wp\/v2\/pages"}],"about":[{"href":"https:\/\/szjo.uw.edu.pl\/index.php?rest_route=\/wp\/v2\/types\/page"}],"author":[{"embeddable":true,"href":"https:\/\/szjo.uw.edu.pl\/index.php?rest_route=\/wp\/v2\/users\/1"}],"replies":[{"embeddable":true,"href":"https:\/\/szjo.uw.edu.pl\/index.php?rest_route=%2Fwp%2Fv2%2Fcomments&post=3392"}],"version-history":[{"count":45,"href":"https:\/\/szjo.uw.edu.pl\/index.php?rest_route=\/wp\/v2\/pages\/3392\/revisions"}],"predecessor-version":[{"id":5490,"href":"https:\/\/szjo.uw.edu.pl\/index.php?rest_route=\/wp\/v2\/pages\/3392\/revisions\/5490"}],"wp:attachment":[{"href":"https:\/\/szjo.uw.edu.pl\/index.php?rest_route=%2Fwp%2Fv2%2Fmedia&parent=3392"}],"curies":[{"name":"wp","href":"https:\/\/api.w.org\/{rel}","templated":true}]}}