{"id":4109,"date":"2023-04-19T13:39:46","date_gmt":"2023-04-19T13:39:46","guid":{"rendered":"https:\/\/szjo.uw.edu.pl\/?page_id=4109"},"modified":"2023-08-31T14:03:43","modified_gmt":"2023-08-31T14:03:43","slug":"archiwum-zzj","status":"publish","type":"page","link":"https:\/\/szjo.uw.edu.pl\/?page_id=4109","title":{"rendered":"Archiwum (Zesp\u00f3\u0142 ds. Zapewniania Jako\u015bci Kszta\u0142cenia)"},"content":{"rendered":"<p>Prace ZZJK \u2013 semestr zimowy 2022\/2023 | <a href=\"https:\/\/docs.google.com\/document\/d\/1XezaqL5bBd_k2vn4DBdObbbUZv7kvwjj1mIG7swYGgU\/edit?usp=sharing\" target=\"_blank\" rel=\"noopener\">czytaj<\/a><\/p>\n<hr \/>\n<h1>UCHWA\u0141A NR 5 RADY SZKO\u0141Y J\u0118ZYK\u00d3W OBCYCH UNIWERSYTETU WARSZAWSKIEGO<\/h1>\n<p>w sprawie zaopiniowania sk\u0142adu Zespo\u0142u ds. Zapewniania Jako\u015bci Kszta\u0142cenia w SzJO w roku akademickim 2021\/2022 | <a href=\"https:\/\/dokumenty.uw.edu.pl\/dziennik\/DSZJO\/Lists\/Dziennik\/Attachments\/162\/DSZJO.2022.5.URW.9.pdf\" target=\"_blank\" rel=\"noopener\">czytaj<\/a><\/p>\n<hr \/>\n<h1><b>Zebranie Zespo\u0142u ds. Zapewniania Jako\u015bci Kszta\u0142cenia \u2013 11.01.2023<\/b><\/h1>\n<p>Ustalenia i zaplanowane dzia\u0142ania:<\/p>\n<ol>\n<li>Prezentacja najciekawszych technik zaobserwowanych podczas hospitacji na zebraniu\u00a0og\u00f3lnym pracownik\u00f3w SzJO (pocz\u0105tek semestru zimowego 2023\/2024).<\/li>\n<li>Zebranie uwag pracownik\u00f3w dotycz\u0105cych ankiety studenckiej (do 1.03.2023); Planowane\u00a0spotkanie: PEJK, Dyrekcja SzJO, Koordynator USNJO w celu om\u00f3wienia zg\u0142oszonych kwestii.<\/li>\n<li>Strona SzJO \u2013 zaprojektowanie nowej ods\u0142ony strony SzJO; Wprowadzenie materia\u0142\u00f3w w\u00a0poprawionej wersji; Planowane spotkanie informatyka, osoby zajmuj\u0105cej si\u0119 stron\u0105, Dyrekcji i zespo\u0142u, kt\u00f3ry dokona\u0142 przegl\u0105du strony; Propozycja stworzenia vademecum dla student\u00f3w;<\/li>\n<li>Facebook \u2013 propozycja zamieszczania na Fb informacji z \u017cycia SzJO.<\/li>\n<li>System dzia\u0142a\u0144 projako\u015bciowych (<a href=\"https:\/\/docs.google.com\/presentation\/d\/1mU_gWi7aeR9KNnc-KJZ8ZCEcuyfTUb1b\/edit?usp=sharing&amp;ouid=115532716375784507165&amp;rtpof=true&amp;sd=true\" target=\"_blank\" rel=\"noopener\">link do prezentacji<\/a>):<\/li>\n<\/ol>\n<ul>\n<li>\n<ul>\n<li>utworzenie bazy atrakcyjnych szkole\u0144 polecanych przez pracownik\u00f3w SzJO<\/li>\n<li>aktualizacja arkusza osi\u0105gni\u0119\u0107<\/li>\n<li>program coachingu (wprowadzenie pracownik\u00f3w w zasady funkcjonowania coachingu \u2013\u00a0szkolenie), utworzenie bazy coach\u00f3w (lektorzy, kt\u00f3rzy wykazuj\u0105 si\u0119 konkretnymi\u00a0umiej\u0119tno\u015bciami), koordynator coachingu;<\/li>\n<li>promowanie osi\u0105gni\u0119\u0107 pracownik\u00f3w (lektorzy, kt\u00f3rzy maj\u0105 najwy\u017csze osi\u0105gni\u0119cia\u00a0nagradzani np. finansowaniem szkole\u0144).<\/li>\n<\/ul>\n<\/li>\n<\/ul>\n<hr \/>\n<h1><b>Zebranie Zespo\u0142u ds. Zapewniania Jako\u015bci Kszta\u0142cenia \u2013 8.02.2023<\/b><\/h1>\n<p>Przedstawienie i om\u00f3wienie zasad post\u0119powania w przypadku niskich osi\u0105gni\u0119\u0107 dydaktycznych lub\u00a0ma\u0142ego zaanga\u017cowania organizacyjnego pracownika (<a href=\"https:\/\/drive.google.com\/file\/d\/1wjOoUNCbZbwtaA1UoPr7YboXn1yem_QI\/view?usp=sharing\" target=\"_blank\" rel=\"noopener\">link do prezentacji<\/a>).<\/p>\n<hr \/>\n<h1><b>Posiedzenie Zespo\u0142u ds. Zapewniania Jako\u015bci Kszta\u0142cenia w dniu 26 pa\u017adziernika 2022<\/b><\/h1>\n<p>Na zebraniu Zespo\u0142u ds. Zapewniania Jako\u015bci Kszta\u0142cenia w dniu 26 pa\u017adziernika 2022 odby\u0142a si\u0119 dyskusja na podstawie opinii cz\u0142onk\u00f3w ZZJK dotycz\u0105cych trybu przeprowadzania hospitacji zaj\u0119\u0107 w Szkole J\u0119zyk\u00f3w Obcych, zgromadzonych przez Przewodnicz\u0105c\u0105 ZZJK w okresie czerwiec \u2013 wrzesie\u0144 2022. Ustalenia,\u00a0 kt\u00f3re zapad\u0142y podczas posiedzenia ZZJK, zosta\u0142y uj\u0119te w\u00a0<a href=\"https:\/\/dokumenty.uw.edu.pl\/dziennik\/DSZJO\/Lists\/Dziennik\/monitor.aspx?ID=188&amp;Source=https%3A%2F%2Fdokumenty%2Euw%2Eedu%2Epl%2Fdziennik%2FDSZJO%2FSitePages%2FStrona%2520g%25C5%2582%25C3%25B3wna%2Easpx\" target=\"_blank\" rel=\"noopener\">ZARZ\u0104DZENIU NR 5 DYREKTORA SZKO\u0141Y J\u0118ZYK\u00d3W OBCYCH UNIWERSYTETU WARSZAWSKIEGO z dnia 14 listopada 2022<\/a>.<\/p>\n<p>Ponadto ustalono nast\u0119puj\u0105ce kierunki dzia\u0142a\u0144 ZZJK w roku akademickim 2022\/2023:<\/p>\n<ul>\n<li aria-level=\"1\">Podzesp\u00f3\u0142\u00a0 ZZJK w sk\u0142adzie: dr Sylwia Kossakowska-Pisarek, mgr Anna Mickiewicz, dr Justyna Deczewska podejmie si\u0119 opracowania systemu dzia\u0142a\u0144 projako\u015bciowych w SzJO.<\/li>\n<li aria-level=\"1\">Podzesp\u00f3\u0142 ZZJK w sk\u0142adzie: mgr Magdalena Zi\u00f3\u0142ek-Wojnar, mgr Akradiusz Misiak, dr Katarzyna Wi\u015bniewska-Szaran przygotuje procedury pracy z lektorami, kt\u00f3rych zaj\u0119cia nie s\u0105 oceniane pozytywnie.<\/li>\n<li aria-level=\"1\">Podzesp\u00f3\u0142 ZZJK w sk\u0142adzie: mgr Pawe\u0142 Mrowiec, mgr Bo\u017cena Karczewska, mgr Ma\u0142gorzata Maras we wsp\u00f3\u0142pracy z mgr. Bartoszem Jurczakiem, przy wsparciu Dyrekcji SzJO, sprawdzi i uaktualni informacje zamieszczone na stronie SzJO.<\/li>\n<\/ul>\n<hr \/>\n<h1><strong>Sk\u0142ad Zespo\u0142u ds. Zapewniania Jako\u015bci Kszta\u0142cenia w SzJO<\/strong><\/h1>\n<p><span style=\"font-weight: 400;\">Przewodnicz\u0105cy:\u00a0 dr Anna Cegie\u0142ka \u2013 Z-ca Dyrektora SzJO ds. dydaktycznych<\/span><\/p>\n<p><span style=\"font-weight: 400;\">Cz\u0142onkowie:<\/span><\/p>\n<ol>\n<li><span style=\"font-weight: 400;\"> Iwona Bartnicka<\/span><\/li>\n<li><span style=\"font-weight: 400;\"> Magdalena Biesiadecka\u00a0<\/span><\/li>\n<li><span style=\"font-weight: 400;\"> dr Justyna Deczewska\u00a0<\/span><\/li>\n<li><span style=\"font-weight: 400;\"> Bo\u017cena Karczewska\u00a0<\/span><\/li>\n<li><span style=\"font-weight: 400;\"> dr Sylwia Kossakowska-Pisarek\u00a0<\/span><\/li>\n<li><span style=\"font-weight: 400;\"> dr El\u017cbieta Lewkowicz\u00a0<\/span><\/li>\n<li><span style=\"font-weight: 400;\"> Anna \u0141\u0119towska-Mickiewicz\u00a0<\/span><\/li>\n<li><span style=\"font-weight: 400;\"> Ma\u0142gorzata Maras\u00a0<\/span><\/li>\n<li><span style=\"font-weight: 400;\"> dr S\u0142awomir Maskiewicz\u00a0<\/span><\/li>\n<li><span style=\"font-weight: 400;\"> Arkadiusz Misiak\u00a0<\/span><\/li>\n<li><span style=\"font-weight: 400;\"> Pawe\u0142 Mrowiec\u00a0<\/span><\/li>\n<li><span style=\"font-weight: 400;\"> dr Katarzyna Wi\u015bniewska-Szaran\u00a0<\/span><\/li>\n<li><span style=\"font-weight: 400;\"> Magdalena Zi\u00f3\u0142ek-Wojnar\u00a0<\/span><\/li>\n<li><span style=\"font-weight: 400;\"> Jan Wieczorek \u2013 obserwator (przedstawiciel Samorz\u0105du Student\u00f3w UW )<\/span><\/li>\n<\/ol>\n<hr \/>\n<h1>Prace Zespo\u0142u ds. Zapewniania Jako\u015bci Kszta\u0142cenia<\/h1>\n<h2>Semestr letni 2022\/2023<\/h2>\n<p>&nbsp;<\/p>\n<p>&nbsp;<\/p>\n<h2>Semestr zimowy 2022\/2023<\/h2>\n<p>&nbsp;<\/p>\n<p>&nbsp;<\/p>\n<h2>Semestr letni 2021\/2022<\/h2>\n<ul>\n<li style=\"font-weight: 400;\" aria-level=\"1\"><span style=\"font-weight: 400;\">szkolenie z zakresu zagadnie\u0144 zwi\u0105zanych z hospitacjami zaj\u0119\u0107 j\u0119zykowych: 23.03.2022 \u2013 <\/span><i><span style=\"font-weight: 400;\">Od obserwacji do kompetencji \u2013 jak zmaksymalizowa\u0107 potencja\u0142 hospitacji z j\u0119zyka obcego?<\/span><\/i><span style=\"font-weight: 400;\"> dr Karolina Kotorowicz-Jasi\u0144ska.<\/span><\/li>\n<li style=\"font-weight: 400;\" aria-level=\"1\"><span style=\"font-weight: 400;\">23 hospitacje przeprowadzone przez cz\u0142onk\u00f3w ZZJK w semestrze letnim, w tym 12 hospitacji mi\u0119dzyzespo\u0142owych.\u00a0\u00a0\u00a0<\/span><\/li>\n<\/ul>\n<hr \/>\n<h3><strong>UCHWA\u0141A NR 5 RADY SZKO\u0141Y J\u0118ZYK\u00d3W OBCYCH UNIWERSYTETU WARSZAWSKIEGO<\/strong><\/h3>\n<p><span style=\"font-weight: 400;\">w sprawie zaopiniowania sk\u0142adu Zespo\u0142u ds. Zapewniania Jako\u015bci Kszta\u0142cenia w SzJO w roku akademickim 2021\/2022 | <\/span><a href=\"https:\/\/dokumenty.uw.edu.pl\/dziennik\/DSZJO\/Lists\/Dziennik\/Attachments\/162\/DSZJO.2022.5.URW.9.pdf\" target=\"_blank\" rel=\"noopener\"><span style=\"font-weight: 400;\">czytaj<\/span><\/a><\/p>\n<p><b>Sk\u0142ad Zespo\u0142u ds. Zapewniania Jako\u015bci Kszta\u0142cenia w SzJO UW (do 30.09 .2021)<\/b><\/p>\n<p><b>Przewodnicz\u0105cy:<\/b><\/p>\n<p>dr Andrzej D\u0105browski \u2013 Dyrektor SzJO<\/p>\n<p><b>Pozostali cz\u0142onkowie:<\/b><\/p>\n<ul>\n<li>mgr Magdalena Biesiadecka<\/li>\n<li>dr Anna Cegie\u0142ka<\/li>\n<li>dr Justyna Deczewska<\/li>\n<li>mgr Bo\u017cena Karczewska<\/li>\n<li>dr Sylwia Kossakowska-Pisarek<\/li>\n<li>mgr Lidia Kowalska<\/li>\n<li>dr El\u017cbieta Lewkowicz<\/li>\n<li>mgr Ma\u0142gorzata Maras<\/li>\n<li>dr S\u0142awomir Maskiewicz<\/li>\n<li>mgr Jolanta Morytz<\/li>\n<li>mgr Pawe\u0142 Mrowiec<\/li>\n<li>dr Katarzyna Wi\u015bniewska-Szaran<\/li>\n<li>dr Marta Wojakowska<\/li>\n<li>mgr Magdalena Zi\u00f3\u0142ek-Wojnar<\/li>\n<li>Jan Wieczorek \u2013 obserwator (przedstawiciel Samorz\u0105du Student\u00f3w UW )<\/li>\n<li>obserwator (przedstawiciel samorz\u0105du Doktorant\u00f3w UW)<\/li>\n<\/ul>\n<p><b>Harmonogram dzia\u0142a\u0144 ZZJK w SzJO\u00a0 do 30.09.2021<\/b><\/p>\n<ul>\n<li>przegl\u0105d i aktualizacja Wewn\u0119trznego Systemu Zapewniania Jako\u015bci Kszta\u0142cenia w SzJO,<\/li>\n<li>przegl\u0105d i aktualizacja strony internetowej SzJO<\/li>\n<li>zbadanie i ujednolicenie zasad wpisywania do protoko\u0142\u00f3w USOS ( symbol NK, ocena niedostateczna, pozostawienie wolnego miejsca),<\/li>\n<li>zbadanie obecnych praktyk odno\u015bnie rozliczania nieobecno\u015bci student\u00f3w spowodowanych p\u00f3\u017aniejszym do\u0142\u0105czeniem do grupy,<\/li>\n<li>weryfikacja arkusza hospitacji zaj\u0119\u0107 komplementarnych.<\/li>\n<\/ul>\n<hr \/>\n<h3><b>Zarz\u0105dzenie 1\/2021<\/b><\/h3>\n<ul>\n<li>Regulamin Zespo\u0142u ds. Zapewniania Jako\u015bci Kszta\u0142cenia w SzJO UW\u00a0|\u00a0<a href=\"https:\/\/szjo.uw.edu.pl\/wp-content\/uploads\/sites\/180\/2021\/01\/Zarzadzenie-1.pdf\" target=\"_blank\" rel=\"noopener\">pdf\u00a0<\/a><\/li>\n<\/ul>\n<hr \/>\n<p>Na podstawie \u00a79\u00a0<a href=\"http:\/\/www.monitor.uw.edu.pl\/Lists\/Uchway\/Uchwa%C5%82a.aspx?ID=51\" target=\"_blank\" rel=\"noopener\">Uchwa\u0142y Nr 240 Senatu UW z dnia 20 czerwca 2007 r.<\/a>\u00a0w sprawie systemu zapewniania i doskonalenia jako\u015bci kszta\u0142cenia na Uniwersytecie Warszawskim, w Szkole J\u0119zyk\u00f3w Obcych powo\u0142ano\u00a0<strong>Zesp\u00f3\u0142 Zapewniania Jako\u015bci<\/strong>.<\/p>\n<p><strong>Sk\u0142ad<\/strong><\/p>\n<ul>\n<li>\n<div>Przewodnicz\u0105ca \u2013 Marta Franciszkiewicz<\/div>\n<\/li>\n<li>Przedstawicielki nauczycieli akademickich \u2013 Iwona Bartnicka, Justyna Deczewska, Ma\u0142gorzata Rytelewska<\/li>\n<li>Przedstawiciel doktorant\u00f3w: Micha\u0142 Sad\u0142owski<\/li>\n<li>Przedstawiciel student\u00f3w: Julia Wasilewska<\/li>\n<\/ul>\n<hr \/>\n<h3>Dokumenty<\/h3>\n<ul>\n<li><a href=\"https:\/\/docs.google.com\/document\/d\/1y-jJnfR3iy-IJZnF-6-BPrKqEfJT6g1rCBhvgXbVXuo\/edit\" target=\"_blank\" rel=\"noopener\">Sprawozdanie z oceny w\u0142asnej 2015\/16<\/a><\/li>\n<li><a href=\"https:\/\/docs.google.com\/document\/d\/1oQXJOiU-X4NgzTw6y1CjD6B-00mh8Cik50UfKt0gXlE\/edit\" target=\"_blank\" rel=\"noopener\">Sprawozdanie z oceny w\u0142asnej 2014\/15<\/a><\/li>\n<li><a href=\"https:\/\/docs.google.com\/document\/d\/1IrnwQwsu6ZfEU_AGf1rXZKjfFLqEMDdMjw_WTz9gUXM\/edit\" target=\"_blank\" rel=\"noopener\">Sprawozdanie z oceny w\u0142asnej 2013\/14<\/a><\/li>\n<\/ul>\n<p><\/p>","protected":false},"excerpt":{"rendered":"<p>Prace ZZJK \u2013 semestr zimowy 2022\/2023 | czytaj UCHWA\u0141A NR 5 RADY SZKO\u0141Y J\u0118ZYK\u00d3W OBCYCH UNIWERSYTETU WARSZAWSKIEGO w sprawie zaopiniowania sk\u0142adu Zespo\u0142u ds. Zapewniania Jako\u015bci Kszta\u0142cenia w SzJO w roku akademickim 2021\/2022 | czytaj Zebranie Zespo\u0142u ds. Zapewniania Jako\u015bci Kszta\u0142cenia \u2013 11.01.2023 Ustalenia i zaplanowane dzia\u0142ania: Prezentacja najciekawszych technik zaobserwowanych podczas hospitacji na zebraniu\u00a0og\u00f3lnym pracownik\u00f3w [&hellip;]<\/p>\n","protected":false},"author":2,"featured_media":0,"parent":0,"menu_order":0,"comment_status":"closed","ping_status":"closed","template":"","meta":{"footnotes":""},"class_list":["post-4109","page","type-page","status-publish","hentry","post"],"_links":{"self":[{"href":"https:\/\/szjo.uw.edu.pl\/index.php?rest_route=\/wp\/v2\/pages\/4109","targetHints":{"allow":["GET"]}}],"collection":[{"href":"https:\/\/szjo.uw.edu.pl\/index.php?rest_route=\/wp\/v2\/pages"}],"about":[{"href":"https:\/\/szjo.uw.edu.pl\/index.php?rest_route=\/wp\/v2\/types\/page"}],"author":[{"embeddable":true,"href":"https:\/\/szjo.uw.edu.pl\/index.php?rest_route=\/wp\/v2\/users\/2"}],"replies":[{"embeddable":true,"href":"https:\/\/szjo.uw.edu.pl\/index.php?rest_route=%2Fwp%2Fv2%2Fcomments&post=4109"}],"version-history":[{"count":16,"href":"https:\/\/szjo.uw.edu.pl\/index.php?rest_route=\/wp\/v2\/pages\/4109\/revisions"}],"predecessor-version":[{"id":4647,"href":"https:\/\/szjo.uw.edu.pl\/index.php?rest_route=\/wp\/v2\/pages\/4109\/revisions\/4647"}],"wp:attachment":[{"href":"https:\/\/szjo.uw.edu.pl\/index.php?rest_route=%2Fwp%2Fv2%2Fmedia&parent=4109"}],"curies":[{"name":"wp","href":"https:\/\/api.w.org\/{rel}","templated":true}]}}