{"id":4283,"date":"2023-04-26T09:27:44","date_gmt":"2023-04-26T09:27:44","guid":{"rendered":"https:\/\/szjo.uw.edu.pl\/?page_id=4283"},"modified":"2023-05-11T10:42:12","modified_gmt":"2023-05-11T10:42:12","slug":"english-aktualnosci","status":"publish","type":"page","link":"https:\/\/szjo.uw.edu.pl\/?page_id=4283","title":{"rendered":"AKTUALNO\u015aCI &#8211; ARCHIWUM"},"content":{"rendered":"<p><\/p>\n<header>\n<div>\n<header>\n<div>\n<p dir=\"ltr\"><img loading=\"lazy\" decoding=\"async\" class=\"wp-image-4496 alignleft\" src=\"https:\/\/szjo.uw.edu.pl\/wp-content\/uploads\/2023\/05\/IMG_0247.jpg\" alt=\"\" width=\"134\" height=\"100\" srcset=\"https:\/\/szjo.uw.edu.pl\/wp-content\/uploads\/2023\/05\/IMG_0247.jpg 1225w, https:\/\/szjo.uw.edu.pl\/wp-content\/uploads\/2023\/05\/IMG_0247-300x225.jpg 300w, https:\/\/szjo.uw.edu.pl\/wp-content\/uploads\/2023\/05\/IMG_0247-1024x768.jpg 1024w, https:\/\/szjo.uw.edu.pl\/wp-content\/uploads\/2023\/05\/IMG_0247-768x576.jpg 768w\" sizes=\"auto, (max-width: 134px) 100vw, 134px\" \/>W dniu 28 kwietnia 2023 dr Sylwia Kossakowska-Pisarek oraz dr Ma\u0142gorzata \u015awierk zaprezentowa\u0142y na mi\u0119dzynarodowej konferencji ALTE Language Assessment Fit for the Future w Madrycie (26.04-28.04.2023) rezultaty oraz wnioski projektu MiLLaT Lessons from implementing mediation at the European universities based on the MiLLaT project.<\/p>\n<p dir=\"ltr\">Konferencja organizowana jest cyklicznie przez Uniwersytet Cambridge w r\u00f3\u017cnych europejskich o\u015brodkach edukacyjnych. W tegorocznej konferencji uczestniczy\u0142o 400 delegat\u00f3w reprezentuj\u0105cych najbardziej znacz\u0105ce instytucje edukacyjne w obszarze egzaminowania i testowania j\u0119zyk\u00f3w obcych na \u015bwiecie m .in. ministerstwa edukacji, uniwersytety, centra egzaminacyjne,\u00a0 organy UE. Wa\u017cnym tematem przewodnim tegorocznej konferencji by\u0142a mediacja i dzia\u0142ania mediacyjne w dydaktyce j\u0119zyk\u00f3w obcych.<\/p>\n<p dir=\"ltr\"><a href=\"https:\/\/photos.google.com\/share\/AF1QipPeiqt5Ml23WVCiaScJSTA0x9K4PJpjIYRYmiEsOT_xUSWZLrE9RZtpS-PruHPV0A\/photo\/AF1QipOsEh54U-1Wx_u4QI5L6CBzyuaS0pqpAdxKP2m_?key=eEhabFQwSV9Gand6NlBfWUlGVjBwMS1POVMwanN3\" target=\"_blank\" rel=\"noopener\">Zdj\u0119cia<\/a><\/p>\n<p dir=\"ltr\">11\/05\/2023<\/p>\n<hr \/>\n<p>Dnia 06 maja 2023 odby\u0142a si\u0119 Mi\u0119dzynarodowa Studencka Konferencja Naukowa \u201eUczucia i warto\u015bci, kt\u00f3re ocal\u0105 \u015bwiat\u201d zorganizowana przez Wydzia\u0142 Filozoficzny Uniwersytetu \u0141\u00f3dzkiego. Szko\u0142\u0119 J\u0119zyk\u00f3w Obcych reprezentowa\u0142y Mariia Turunovskaia i Anna Sobierajska, kt\u00f3re wyg\u0142osi\u0142y referat, pt. \u201cDialog warto\u015bci w kulturze (na przyk\u0142adzie radzieckich i rosyjskich film\u00f3w fabularnych)\u201d.<br \/>\nW wydarzeniu wzi\u0119li udzia\u0142 studenci z Polski, S\u0142owacji i Australii. Konferencja sta\u0142a si\u0119 wspania\u0142\u0105 okazj\u0105 do wymiany my\u015bli, o\u017cywionej dyskusji oraz do poznania nowych koleg\u00f3w i kole\u017canek uczelni w Polsce i za granic\u0105.<\/p>\n<p>&nbsp;<\/p>\n<p><img loading=\"lazy\" decoding=\"async\" class=\"wp-image-4481 alignnone\" src=\"https:\/\/szjo.uw.edu.pl\/wp-content\/uploads\/2023\/05\/20230506_141206-scaled.jpg\" sizes=\"auto, (max-width: 318px) 100vw, 318px\" srcset=\"https:\/\/szjo.uw.edu.pl\/wp-content\/uploads\/2023\/05\/20230506_141206-scaled.jpg 2560w, https:\/\/szjo.uw.edu.pl\/wp-content\/uploads\/2023\/05\/20230506_141206-300x142.jpg 300w, https:\/\/szjo.uw.edu.pl\/wp-content\/uploads\/2023\/05\/20230506_141206-1024x485.jpg 1024w, https:\/\/szjo.uw.edu.pl\/wp-content\/uploads\/2023\/05\/20230506_141206-768x363.jpg 768w, https:\/\/szjo.uw.edu.pl\/wp-content\/uploads\/2023\/05\/20230506_141206-1536x727.jpg 1536w, https:\/\/szjo.uw.edu.pl\/wp-content\/uploads\/2023\/05\/20230506_141206-2048x969.jpg 2048w\" alt=\"\" width=\"318\" height=\"150\" \/>\u00a0<img loading=\"lazy\" decoding=\"async\" class=\"wp-image-4482 alignnone\" src=\"https:\/\/szjo.uw.edu.pl\/wp-content\/uploads\/2023\/05\/20230506_125111-scaled.jpg\" sizes=\"auto, (max-width: 317px) 100vw, 317px\" srcset=\"https:\/\/szjo.uw.edu.pl\/wp-content\/uploads\/2023\/05\/20230506_125111-scaled.jpg 2560w, https:\/\/szjo.uw.edu.pl\/wp-content\/uploads\/2023\/05\/20230506_125111-300x142.jpg 300w, https:\/\/szjo.uw.edu.pl\/wp-content\/uploads\/2023\/05\/20230506_125111-1024x485.jpg 1024w, https:\/\/szjo.uw.edu.pl\/wp-content\/uploads\/2023\/05\/20230506_125111-768x363.jpg 768w, https:\/\/szjo.uw.edu.pl\/wp-content\/uploads\/2023\/05\/20230506_125111-1536x727.jpg 1536w, https:\/\/szjo.uw.edu.pl\/wp-content\/uploads\/2023\/05\/20230506_125111-2048x969.jpg 2048w\" alt=\"\" width=\"317\" height=\"150\" \/><\/p>\n<p>9\/05\/2023<\/p>\n<hr \/>\n<p>24 kwietnia 2023 w Pa\u0142acu Kazimierzowskim odby\u0142o si\u0119 XII spotkanie \u201eEmeritus\u201d by\u0142ych i obecnych nauczycieli Zespo\u0142u J\u0119zyka Angielskiego. Pierwsze takie spotkanie mia\u0142o miejsce ju\u017c 2009 roku, jednak pandemia przerwa\u0142a t\u0119 mi\u0142\u0105 tradycj\u0119 na dwa lata. Zgodnie z decyzj\u0105 uczestnik\u00f3w nast\u0119pne spotkanie odb\u0119dzie si\u0119 w pierwszy poniedzia\u0142ek\u00a0powielkanocny (PPP, lub 3xP)\u00a02024, czyli\u00a08\u00a0kwietnia\u00a0o godz. 12.00.<\/p>\n<p>&nbsp;<\/p>\n<p><img loading=\"lazy\" decoding=\"async\" class=\"\" src=\"https:\/\/szjo.uw.edu.pl\/wp-content\/uploads\/2023\/04\/IMG_2202-scaled.jpeg\" alt=\"\" width=\"226\" height=\"170\" \/><img loading=\"lazy\" decoding=\"async\" class=\"\" src=\"https:\/\/szjo.uw.edu.pl\/wp-content\/uploads\/2023\/04\/IMG_2196-scaled.jpeg\" alt=\"\" width=\"226\" height=\"170\" \/><\/p>\n<p><img loading=\"lazy\" decoding=\"async\" class=\"\" src=\"https:\/\/szjo.uw.edu.pl\/wp-content\/uploads\/2023\/04\/IMG_2192-scaled.jpeg\" alt=\"\" width=\"226\" height=\"170\" \/><img loading=\"lazy\" decoding=\"async\" class=\"\" src=\"https:\/\/szjo.uw.edu.pl\/wp-content\/uploads\/2023\/04\/IMG_2190-scaled.jpeg\" alt=\"\" width=\"226\" height=\"170\" \/><\/p>\n<p><a href=\"https:\/\/szjo.uw.edu.pl\/?page_id=3641\" target=\"_blank\" rel=\"noopener\">EMERITUS<\/a><\/p>\n<p>27\/04\/2023<\/p>\n<\/div>\n<div>\n<hr \/>\n<\/div>\n<div><a href=\"https:\/\/monitor.uw.edu.pl\/Lists\/Uchway\/Attachments\/5592\/M.2020.388.Obw.25.pdf\" target=\"_blank\" rel=\"noopener\">OBWIESZCZENIE NR 25 REKTORA UNIWERSYTETU WARSZAWSKIEGO z dnia 7 wrze\u015bnia 2020 r. o og\u0142oszeniu tekstu jednolitego zarz\u0105dzenia nr 106 Rektora Uniwersytetu Warszawskiego z dnia 27 wrze\u015bnia 2019 r. w sprawie okre\u015blenia szczeg\u00f3\u0142owych zasad i trybu przeprowadzania konkursu na stanowisko nauczyciela akademickiego na Uniwersytecie Warszawskim<\/a><\/div>\n<\/header>\n<div>\n<ul>\n<li><a href=\"https:\/\/bazaogloszen.nauka.gov.pl\/wp-content\/uploads\/job-manager-uploads\/job_file\/2023\/04\/Konkurs-lektor-ang-SzJO-27-maja-2023.pdf\" target=\"_blank\" rel=\"noopener\">OG\u0141OSZENIE O KONKURSIE na stanowisko lektora j\u0119zyka angielskiego w grupie pracownik\u00f3w dydaktycznych<\/a><\/li>\n<li><a href=\"https:\/\/bazaogloszen.nauka.gov.pl\/wp-content\/uploads\/job-manager-uploads\/job_file\/2023\/04\/Konkurs-lektor-niem-SzJO-27-maja-2023.pdf\" target=\"_blank\" rel=\"noopener\">OG\u0141OSZENIE O KONKURSIE na stanowisko lektora j\u0119zyka niemieckiego w grupie pracownik\u00f3w dydaktycznych<\/a><\/li>\n<li><a href=\"https:\/\/bazaogloszen.nauka.gov.pl\/wp-content\/uploads\/job-manager-uploads\/job_file\/2023\/04\/Konkurs-lektor-franc-SzJO-27-maja-2023.pdf\" target=\"_blank\" rel=\"noopener\">OG\u0141OSZENIE O KONKURSIE na stanowisko lektora j\u0119zyka francuskiego w grupie pracownik\u00f3w dydaktycznych<\/a><\/li>\n<\/ul>\n<div>\n<p>25\/04\/2023<\/p>\n<\/div>\n<\/div>\n<\/div>\n<\/header>\n<div class=\"entry-content\">\n<div>\n<hr \/>\n<p>W dniu 22 kwietnia 2023 Szko\u0142a J\u0119zyk\u00f3w Obcych UW wzi\u0119\u0142a udzia\u0142 w Dniu Otwartym Uniwersytetu Warszawskiego. W wydarzeniu tym, jak zawsze, uczestniczyli wyk\u0142adowcy r\u00f3\u017cnych j\u0119zyk\u00f3w nauczanych w SzJO. W tym roku nasz\u0105 jednostk\u0119 reprezentowali: Magda Tulska, J\u00f3zef Dobrowolski, Arkadiusz Kasprzak, Tadeusz Skwara, Klara Ma\u0142owiecka, Grzegorz Borucki, Katarzyna Wi\u015bniewska-Szaran, Agnieszka Kowalewska i Anna Cegie\u0142ka. Nasi nauczyciele z przyjemno\u015bci\u0105 udzielali potrzebnych informacji przysz\u0142ym studentom Uczelni, kt\u00f3rych zapraszamy do naszych grup lektoratowych w kolejnym roku akademickim.<\/p>\n<p>[Opis zdj\u0119\u0107 poni\u017cej: Lektorzy na stoisku Szko\u0142y J\u0119zyk\u00f3w Obcych podczas Dnia Otwartego UW 25 kwietnia 2023 r.]<\/p>\n<p><img loading=\"lazy\" decoding=\"async\" src=\"https:\/\/szjo.uw.edu.pl\/wp-content\/uploads\/2023\/04\/IMG-6721-scaled.jpg\" sizes=\"auto, (max-width: 191px) 100vw, 191px\" srcset=\"https:\/\/szjo.uw.edu.pl\/wp-content\/uploads\/2023\/04\/IMG-6721-scaled.jpg 2217w, https:\/\/szjo.uw.edu.pl\/wp-content\/uploads\/2023\/04\/IMG-6721-260x300.jpg 260w, https:\/\/szjo.uw.edu.pl\/wp-content\/uploads\/2023\/04\/IMG-6721-887x1024.jpg 887w, https:\/\/szjo.uw.edu.pl\/wp-content\/uploads\/2023\/04\/IMG-6721-768x887.jpg 768w, https:\/\/szjo.uw.edu.pl\/wp-content\/uploads\/2023\/04\/IMG-6721-1330x1536.jpg 1330w, https:\/\/szjo.uw.edu.pl\/wp-content\/uploads\/2023\/04\/IMG-6721-1774x2048.jpg 1774w\" alt=\"\" width=\"173\" height=\"200\" \/>\u00a0<img loading=\"lazy\" decoding=\"async\" src=\"https:\/\/szjo.uw.edu.pl\/wp-content\/uploads\/2023\/04\/IMG_20230422_100359-scaled.jpg\" sizes=\"auto, (max-width: 165px) 100vw, 165px\" srcset=\"https:\/\/szjo.uw.edu.pl\/wp-content\/uploads\/2023\/04\/IMG_20230422_100359-scaled.jpg 1920w, https:\/\/szjo.uw.edu.pl\/wp-content\/uploads\/2023\/04\/IMG_20230422_100359-225x300.jpg 225w, https:\/\/szjo.uw.edu.pl\/wp-content\/uploads\/2023\/04\/IMG_20230422_100359-768x1024.jpg 768w, https:\/\/szjo.uw.edu.pl\/wp-content\/uploads\/2023\/04\/IMG_20230422_100359-1152x1536.jpg 1152w, https:\/\/szjo.uw.edu.pl\/wp-content\/uploads\/2023\/04\/IMG_20230422_100359-1536x2048.jpg 1536w\" alt=\"\" width=\"150\" height=\"200\" \/>\u00a0<img loading=\"lazy\" decoding=\"async\" src=\"https:\/\/szjo.uw.edu.pl\/wp-content\/uploads\/2023\/04\/IMG_20230422_113250-scaled.jpg\" sizes=\"auto, (max-width: 165px) 100vw, 165px\" srcset=\"https:\/\/szjo.uw.edu.pl\/wp-content\/uploads\/2023\/04\/IMG_20230422_113250-scaled.jpg 1920w, https:\/\/szjo.uw.edu.pl\/wp-content\/uploads\/2023\/04\/IMG_20230422_113250-225x300.jpg 225w, https:\/\/szjo.uw.edu.pl\/wp-content\/uploads\/2023\/04\/IMG_20230422_113250-768x1024.jpg 768w, https:\/\/szjo.uw.edu.pl\/wp-content\/uploads\/2023\/04\/IMG_20230422_113250-1152x1536.jpg 1152w, https:\/\/szjo.uw.edu.pl\/wp-content\/uploads\/2023\/04\/IMG_20230422_113250-1536x2048.jpg 1536w\" alt=\"\" width=\"150\" height=\"200\" \/>\u00a0<img loading=\"lazy\" decoding=\"async\" src=\"https:\/\/szjo.uw.edu.pl\/wp-content\/uploads\/2023\/04\/db8a7e67-0c9b-4d79-8732-f3d44c017534-scaled.jpeg\" sizes=\"auto, (max-width: 165px) 100vw, 165px\" srcset=\"https:\/\/szjo.uw.edu.pl\/wp-content\/uploads\/2023\/04\/db8a7e67-0c9b-4d79-8732-f3d44c017534-scaled.jpeg 1920w, https:\/\/szjo.uw.edu.pl\/wp-content\/uploads\/2023\/04\/db8a7e67-0c9b-4d79-8732-f3d44c017534-225x300.jpeg 225w, https:\/\/szjo.uw.edu.pl\/wp-content\/uploads\/2023\/04\/db8a7e67-0c9b-4d79-8732-f3d44c017534-768x1024.jpeg 768w, https:\/\/szjo.uw.edu.pl\/wp-content\/uploads\/2023\/04\/db8a7e67-0c9b-4d79-8732-f3d44c017534-1152x1536.jpeg 1152w, https:\/\/szjo.uw.edu.pl\/wp-content\/uploads\/2023\/04\/db8a7e67-0c9b-4d79-8732-f3d44c017534-1536x2048.jpeg 1536w\" alt=\"\" width=\"150\" height=\"200\" \/><\/p>\n<p><a href=\"https:\/\/drive.google.com\/file\/d\/14u3Tu9Clj7_vgwnv258Q_6dxIUhY8aIA\/view?usp=share_link\" target=\"_blank\" rel=\"noopener\"><img loading=\"lazy\" decoding=\"async\" src=\"https:\/\/szjo.uw.edu.pl\/wp-content\/uploads\/2023\/04\/20230422_123457-scaled.jpg\" sizes=\"auto, (max-width: 293px) 100vw, 293px\" srcset=\"https:\/\/szjo.uw.edu.pl\/wp-content\/uploads\/2023\/04\/20230422_123457-scaled.jpg 2560w, https:\/\/szjo.uw.edu.pl\/wp-content\/uploads\/2023\/04\/20230422_123457-300x225.jpg 300w, https:\/\/szjo.uw.edu.pl\/wp-content\/uploads\/2023\/04\/20230422_123457-1024x768.jpg 1024w, https:\/\/szjo.uw.edu.pl\/wp-content\/uploads\/2023\/04\/20230422_123457-768x576.jpg 768w, https:\/\/szjo.uw.edu.pl\/wp-content\/uploads\/2023\/04\/20230422_123457-1536x1152.jpg 1536w, https:\/\/szjo.uw.edu.pl\/wp-content\/uploads\/2023\/04\/20230422_123457-2048x1536.jpg 2048w\" alt=\"\" width=\"238\" height=\"179\" \/>\u00a0<\/a><a href=\"https:\/\/drive.google.com\/file\/d\/14u3Tu9Clj7_vgwnv258Q_6dxIUhY8aIA\/view?usp=share_link\" target=\"_blank\" rel=\"noopener\"><img loading=\"lazy\" decoding=\"async\" src=\"https:\/\/szjo.uw.edu.pl\/wp-content\/uploads\/2023\/04\/IMG_20230422_100620_1-scaled.jpg\" sizes=\"auto, (max-width: 293px) 100vw, 293px\" srcset=\"https:\/\/szjo.uw.edu.pl\/wp-content\/uploads\/2023\/04\/IMG_20230422_100620_1-scaled.jpg 2560w, https:\/\/szjo.uw.edu.pl\/wp-content\/uploads\/2023\/04\/IMG_20230422_100620_1-300x225.jpg 300w, https:\/\/szjo.uw.edu.pl\/wp-content\/uploads\/2023\/04\/IMG_20230422_100620_1-1024x768.jpg 1024w, https:\/\/szjo.uw.edu.pl\/wp-content\/uploads\/2023\/04\/IMG_20230422_100620_1-768x576.jpg 768w, https:\/\/szjo.uw.edu.pl\/wp-content\/uploads\/2023\/04\/IMG_20230422_100620_1-1536x1152.jpg 1536w, https:\/\/szjo.uw.edu.pl\/wp-content\/uploads\/2023\/04\/IMG_20230422_100620_1-2048x1536.jpg 2048w\" alt=\"\" width=\"239\" height=\"180\" \/><\/a><\/p>\n<\/div>\n<p>25\/04\/2023<\/p>\n<hr \/>\n<p><a href=\"https:\/\/szjo.uw.edu.pl\/wp-content\/uploads\/2023\/04\/akademia_pl.pdf\" target=\"_blank\" rel=\"noopener\"><img loading=\"lazy\" decoding=\"async\" src=\"https:\/\/szjo.uw.edu.pl\/wp-content\/uploads\/2023\/04\/LOGO-LETNIA-AKADEMIA.png\" alt=\"\" width=\"260\" height=\"260\" \/><\/a>\u00a0<img loading=\"lazy\" decoding=\"async\" src=\"https:\/\/szjo.uw.edu.pl\/wp-content\/uploads\/2023\/04\/LOGO-LETNIA-AKADEMIA1.png\" alt=\"\" width=\"260\" height=\"260\" \/><\/p>\n<ul>\n<li><a href=\"https:\/\/szjo.uw.edu.pl\/wp-content\/uploads\/2023\/04\/akademia_pl.pdf\" target=\"_blank\" rel=\"noopener\">PL \u2013 SZCZEG\u00d3\u0141Y<\/a><\/li>\n<li><a href=\"https:\/\/szjo.uw.edu.pl\/wp-content\/uploads\/2023\/04\/akademia_en.pdf\" target=\"_blank\" rel=\"noopener\">EN _ DETAILS<\/a><\/li>\n<li><a href=\"https:\/\/szjo.uw.edu.pl\/wp-content\/uploads\/2023\/04\/akademia_ru.pdf\" target=\"_blank\" rel=\"noopener\">RU \u2013 \u041f\u041e\u0414\u0420\u041e\u0411\u041d\u0415\u0415<\/a><\/li>\n<\/ul>\n<p>21\/04\/2023<\/p>\n<hr \/>\n<p>&nbsp;<\/p>\n<\/div>\n<p><\/p>","protected":false},"excerpt":{"rendered":"<p>W dniu 28 kwietnia 2023 dr Sylwia Kossakowska-Pisarek oraz dr Ma\u0142gorzata \u015awierk zaprezentowa\u0142y na mi\u0119dzynarodowej konferencji ALTE Language Assessment Fit for the Future w Madrycie (26.04-28.04.2023) rezultaty oraz wnioski projektu MiLLaT Lessons from implementing mediation at the European universities based on the MiLLaT project. Konferencja organizowana jest cyklicznie przez Uniwersytet Cambridge w r\u00f3\u017cnych europejskich o\u015brodkach [&hellip;]<\/p>\n","protected":false},"author":2,"featured_media":0,"parent":0,"menu_order":0,"comment_status":"closed","ping_status":"closed","template":"","meta":{"footnotes":""},"class_list":["post-4283","page","type-page","status-publish","hentry","post"],"_links":{"self":[{"href":"https:\/\/szjo.uw.edu.pl\/index.php?rest_route=\/wp\/v2\/pages\/4283","targetHints":{"allow":["GET"]}}],"collection":[{"href":"https:\/\/szjo.uw.edu.pl\/index.php?rest_route=\/wp\/v2\/pages"}],"about":[{"href":"https:\/\/szjo.uw.edu.pl\/index.php?rest_route=\/wp\/v2\/types\/page"}],"author":[{"embeddable":true,"href":"https:\/\/szjo.uw.edu.pl\/index.php?rest_route=\/wp\/v2\/users\/2"}],"replies":[{"embeddable":true,"href":"https:\/\/szjo.uw.edu.pl\/index.php?rest_route=%2Fwp%2Fv2%2Fcomments&post=4283"}],"version-history":[{"count":12,"href":"https:\/\/szjo.uw.edu.pl\/index.php?rest_route=\/wp\/v2\/pages\/4283\/revisions"}],"predecessor-version":[{"id":4501,"href":"https:\/\/szjo.uw.edu.pl\/index.php?rest_route=\/wp\/v2\/pages\/4283\/revisions\/4501"}],"wp:attachment":[{"href":"https:\/\/szjo.uw.edu.pl\/index.php?rest_route=%2Fwp%2Fv2%2Fmedia&parent=4283"}],"curies":[{"name":"wp","href":"https:\/\/api.w.org\/{rel}","templated":true}]}}